{"id":1389,"date":"2023-07-22T11:46:40","date_gmt":"2023-07-22T09:46:40","guid":{"rendered":"https:\/\/iavis.uv.es\/?page_id=1389"},"modified":"2023-07-22T11:58:25","modified_gmt":"2023-07-22T09:58:25","slug":"cuadro-de-mandos-de-movilidad","status":"publish","type":"page","link":"https:\/\/iavis.uv.es\/index.php\/cuadro-de-mandos-de-movilidad\/","title":{"rendered":"Cuadro de mandos de movilidad"},"content":{"rendered":"\n<h2 class=\"text-center\" style=\"margin-bottom:0px\"><b>Cuadro de mandos de movilidad<\/b><\/h2><br>\n\n\n\n<style>\nbody {\n    text-align: justify;\n}\nbody {\n    margin: 0;\n    font-family: -apple-system,BlinkMacSystemFont,\"Segoe UI\",Roboto,\"Helvetica Neue\",Arial,sans-serif,\"Apple Color Emoji\",\"Segoe UI Emoji\",\"Segoe UI Symbol\";\n    font-size: 1rem;\n    font-weight: 400;\n    line-height: 1.5;    color: #212529;\n    text-align: left;\n    background-color: #fff;\n}\n:root {\n    --blue: #007bff;\n    --indigo: #6610f2;\n    --purple: #6f42c1;\n    --pink: #e83e8c;\n    --red: #dc3545;\n    --orange: #fd7e14;\n    --yellow: #ffc107;\n    --green: #28a745;\n    --teal: #20c997;\n    --cyan: #17a2b8;\n    --white: #fff;\n    --gray: #6c757d;\n    --gray-dark: #343a40;\n    --primary: #007bff;\n    --secondary: #6c757d;\n    --success: #28a745;\n    --info: #17a2b8;\n    --warning: #ffc107;\n    --danger: #dc3545;\n    --light: #f8f9fa;\n    --dark: #343a40;\n    --breakpoint-xs: 0;\n    --breakpoint-sm: 576px;\n    --breakpoint-md: 768px;\n    --breakpoint-lg: 992px;\n    --breakpoint-xl: 1200px;\n    --font-family-sans-serif: -apple-system,BlinkMacSystemFont,\"Segoe UI\",Roboto,\"Helvetica Neue\",Arial,sans-serif,\"Apple Color Emoji\",\"Segoe UI Emoji\",\"Segoe UI Symbol\";\n    --font-family-monospace: SFMono-Regular,Menlo,Monaco,Consolas,\"Liberation Mono\",\"Courier New\",monospace;\n}\nhtml {\n    font-family: sans-serif;\n    line-height: 1.15;\n    -webkit-text-size-adjust: 100%;\n    -ms-text-size-adjust: 100%;\n    -ms-overflow-style: scrollbar;\n    -webkit-tap-highlight-color: transparent;\n}\n\n.text-center {\n    text-align: center!important;\n}\n\n.h3, .h4, .h5, .h6, h3, h4, h5, h6 {\n    margin-bottom: .5rem;\n    font-family: inherit;\n    font-weight: 500;\n    line-height: 1.2;\n    color: inherit;\n}\nh3, h4, h5, h6 {\n    margin-top: 0;\n    margin-bottom: .5rem;\n}\n\n\nhr{\nheight:1px; !important\n}\n\np {\n    margin-top: 0;\n    margin-bottom: 1rem;\n    display: block;\n    margin-block-start: 1em;\n    margin-block-end: 1em;\n    margin-inline-start: 0px;\n    margin-inline-end: 0px;\n    color:#5C5F69;\n}\n\nh2{\ncolor:#b61828;\n}\n\na.hover-link:hover {\n  color: #b61828;\n}\n\n\n<\/style>\n\n\n\n<p><\/p>\n\n\n\n<pre class=\"wp-block-code\"><code>Actualmente el web del Ayuntamiento de Valencia ofrece, dentro del <strong><a href=\"https:\/\/valencia.opendatasoft.com\/\" target=\"_blank\" rel=\"noopener\" title=\"\">portal de datos abiertos<\/a><\/strong>, numerosos conjuntos de datos. Entre ellos tenemos informaci\u00f3n sobre los datos de tr\u00e1fico en tiempo real de la ciudad. Con la finalidad de explorar el uso de dichos datos se ha llevado a cabo un prototipo de cuadro de mandos en el cual se proporciona al usuario una aplicaci\u00f3n que permite no s\u00f3lo conocer el estado de tr\u00e1fico en Valencia, sino tambi\u00e9n las mejores opciones de movilidad.\n\n\n\nPara ello se recogen tambi\u00e9n los datos de los diferentes medios de transporte p\u00fablico de la ciudad: EMT, MetroValencia y Valenbisi, recopilando informaci\u00f3n de disponibilidad de bicicletas, de paradas de transporte cercanas al usuario, as\u00ed como de tiempos de llegada de autobuses urbanos y metro.\n\n\nCon estos datos se ha desarrollado una aplicaci\u00f3n que proporciona informaci\u00f3n en tiempo real de la movilidad en la ciudad de Valencia, con el objetivo de brindar a los usuarios una herramienta \u00fatil y accesible para la toma de decisiones en sus desplazamientos.\n\n\n\nPrevio al desarrollo del prototipo se ha realizado una\n<b><a class=\"hover-link\" href=\"https:\/\/iavis.uv.es\/wp-content\/uploads\/2023\/07\/RevisionVisualizacionDatosTraficoAyuntamientos.pdf\" target=\"_blank\" rel=\"noopener\"> Revisi\u00f3n de la visualizaci\u00f3n de datos espaciotemporales de tr\u00e1fico en algunos ayuntamientos <\/a><\/b> \n\n\n\nSe puede acceder al prototipo y consultar el informe del\n<b><a class=\"hover-link\" href=\"https:\/\/iavis.uv.es\/wp-content\/uploads\/2023\/07\/InformeCuadroMandosMovilidadValencia.pdf\" target=\"_blank\" rel=\"noopener\">  Cuadro de mandos de movilidad <\/a><\/b><\/code><\/pre>\n","protected":false},"excerpt":{"rendered":"<p>Cuadro de mandos de movilidad<\/p>\n","protected":false},"author":21,"featured_media":0,"parent":0,"menu_order":0,"comment_status":"closed","ping_status":"closed","template":"","meta":{"sfsi_plus_gutenberg_text_before_share":"","sfsi_plus_gutenberg_show_text_before_share":"","sfsi_plus_gutenberg_icon_type":"","sfsi_plus_gutenberg_icon_alignemt":"","sfsi_plus_gutenburg_max_per_row":"","_monsterinsights_skip_tracking":false,"_monsterinsights_sitenote_active":false,"_monsterinsights_sitenote_note":"","_monsterinsights_sitenote_category":0,"footnotes":""},"class_list":["post-1389","page","type-page","status-publish","hentry"],"aioseo_notices":[],"_links":{"self":[{"href":"https:\/\/iavis.uv.es\/index.php\/wp-json\/wp\/v2\/pages\/1389","targetHints":{"allow":["GET"]}}],"collection":[{"href":"https:\/\/iavis.uv.es\/index.php\/wp-json\/wp\/v2\/pages"}],"about":[{"href":"https:\/\/iavis.uv.es\/index.php\/wp-json\/wp\/v2\/types\/page"}],"author":[{"embeddable":true,"href":"https:\/\/iavis.uv.es\/index.php\/wp-json\/wp\/v2\/users\/21"}],"replies":[{"embeddable":true,"href":"https:\/\/iavis.uv.es\/index.php\/wp-json\/wp\/v2\/comments?post=1389"}],"version-history":[{"count":7,"href":"https:\/\/iavis.uv.es\/index.php\/wp-json\/wp\/v2\/pages\/1389\/revisions"}],"predecessor-version":[{"id":1425,"href":"https:\/\/iavis.uv.es\/index.php\/wp-json\/wp\/v2\/pages\/1389\/revisions\/1425"}],"wp:attachment":[{"href":"https:\/\/iavis.uv.es\/index.php\/wp-json\/wp\/v2\/media?parent=1389"}],"curies":[{"name":"wp","href":"https:\/\/api.w.org\/{rel}","templated":true}]}}